{"id":6,"date":"2014-05-09T14:45:36","date_gmt":"2014-05-09T12:45:36","guid":{"rendered":"http:\/\/gruene-lk-ks.de\/baunatal\/?page_id=6"},"modified":"2024-11-04T21:25:33","modified_gmt":"2024-11-04T19:25:33","slug":"ueber-uns","status":"publish","type":"page","link":"http:\/\/gruene-lk-ks.de\/baunatal\/ueber-uns\/","title":{"rendered":"Mandatstr\u00e4ger*innen"},"content":{"rendered":"\n<h4>F\u00fcr Sie im Baunataler <strong> Magistrat:<\/strong><\/h4>\n\n\n\n<div class=\"wp-block-image\"><figure class=\"alignleft size-large is-resized\"><a class=\"fancybox\" rel=\"gallery6\" href=\"http:\/\/gruene-lk-ks.de\/baunatal\/files\/2021\/05\/Juergen-Boehme.jpg\"><img loading=\"lazy\" src=\"http:\/\/gruene-lk-ks.de\/baunatal\/files\/2021\/05\/Juergen-Boehme-800x1000.jpg\" alt=\"\" class=\"wp-image-2859\" width=\"200\" height=\"250\" srcset=\"http:\/\/gruene-lk-ks.de\/baunatal\/files\/2021\/05\/Juergen-Boehme-800x1000.jpg 800w, http:\/\/gruene-lk-ks.de\/baunatal\/files\/2021\/05\/Juergen-Boehme-400x500.jpg 400w, http:\/\/gruene-lk-ks.de\/baunatal\/files\/2021\/05\/Juergen-Boehme-768x960.jpg 768w, http:\/\/gruene-lk-ks.de\/baunatal\/files\/2021\/05\/Juergen-Boehme-1229x1536.jpg 1229w, http:\/\/gruene-lk-ks.de\/baunatal\/files\/2021\/05\/Juergen-Boehme-120x150.jpg 120w, http:\/\/gruene-lk-ks.de\/baunatal\/files\/2021\/05\/Juergen-Boehme.jpg 1299w\" sizes=\"(max-width: 200px) 100vw, 200px\" \/><\/a><\/figure><\/div>\n\n\n\n<p><strong>J\u00fcrgen B\u00f6hme<\/strong> (parteilos)<br><em>Stadtrat<\/em><br><br>Hinter den Siegen 10<br>34225 Baunatal &#8211; Altenritte<br>Email: <a href=\"mailto:jboehme@gruene-baunatal.de\">jboehme@gruene-baunatal.de<\/a><br><br><\/p>\n\n\n\n<div style=\"height:30px\" aria-hidden=\"true\" class=\"wp-block-spacer\"><\/div>\n\n\n\n<div class=\"wp-block-image\"><figure class=\"alignleft size-large is-resized\"><a class=\"fancybox\" rel=\"gallery6\" href=\"http:\/\/gruene-lk-ks.de\/baunatal\/files\/2021\/05\/Juliane-Kothe5-21-1-scaled.jpg\"><img loading=\"lazy\" src=\"http:\/\/gruene-lk-ks.de\/baunatal\/files\/2021\/05\/Juliane-Kothe5-21-1-800x1200.jpg\" alt=\"\" class=\"wp-image-2850\" width=\"200\" height=\"300\" srcset=\"http:\/\/gruene-lk-ks.de\/baunatal\/files\/2021\/05\/Juliane-Kothe5-21-1-800x1200.jpg 800w, http:\/\/gruene-lk-ks.de\/baunatal\/files\/2021\/05\/Juliane-Kothe5-21-1-400x600.jpg 400w, http:\/\/gruene-lk-ks.de\/baunatal\/files\/2021\/05\/Juliane-Kothe5-21-1-768x1151.jpg 768w, http:\/\/gruene-lk-ks.de\/baunatal\/files\/2021\/05\/Juliane-Kothe5-21-1-1025x1536.jpg 1025w, http:\/\/gruene-lk-ks.de\/baunatal\/files\/2021\/05\/Juliane-Kothe5-21-1-1367x2048.jpg 1367w, http:\/\/gruene-lk-ks.de\/baunatal\/files\/2021\/05\/Juliane-Kothe5-21-1-100x150.jpg 100w, http:\/\/gruene-lk-ks.de\/baunatal\/files\/2021\/05\/Juliane-Kothe5-21-1-scaled.jpg 1708w\" sizes=\"(max-width: 200px) 100vw, 200px\" \/><\/a><\/figure><\/div>\n\n\n\n<p><strong>Juliane Kothe<\/strong><br><em>Stadtr\u00e4tin<\/em><br><em><br><\/em>An der Wasserm\u00fchle<br>34225 Baunatal &#8211; Guntershausen<br>Email: <a href=\"mailto:juliane.kothe@gmx.de\">juliane.kothe@gmx.de<\/a><\/p>\n\n\n\n<div style=\"height:30px\" aria-hidden=\"true\" class=\"wp-block-spacer\"><\/div>\n\n\n\n<h4>F\u00fcr Sie in der Baunataler <strong> Stadtverordnetenversammlung:<\/strong><\/h4>\n\n\n\n<div class=\"wp-block-image\"><figure class=\"alignleft size-medium is-resized\"><a class=\"fancybox\" rel=\"gallery6\" href=\"http:\/\/gruene-lk-ks.de\/baunatal\/files\/2021\/05\/image0-scaled.jpeg\"><img loading=\"lazy\" src=\"http:\/\/gruene-lk-ks.de\/baunatal\/files\/2021\/05\/image0-400x544.jpeg\" alt=\"\" class=\"wp-image-2842\" width=\"200\" height=\"272\" srcset=\"http:\/\/gruene-lk-ks.de\/baunatal\/files\/2021\/05\/image0-400x544.jpeg 400w, http:\/\/gruene-lk-ks.de\/baunatal\/files\/2021\/05\/image0-800x1087.jpeg 800w, http:\/\/gruene-lk-ks.de\/baunatal\/files\/2021\/05\/image0-768x1044.jpeg 768w, http:\/\/gruene-lk-ks.de\/baunatal\/files\/2021\/05\/image0-1130x1536.jpeg 1130w, http:\/\/gruene-lk-ks.de\/baunatal\/files\/2021\/05\/image0-1507x2048.jpeg 1507w, http:\/\/gruene-lk-ks.de\/baunatal\/files\/2021\/05\/image0-110x150.jpeg 110w, http:\/\/gruene-lk-ks.de\/baunatal\/files\/2021\/05\/image0-scaled.jpeg 1884w\" sizes=\"(max-width: 200px) 100vw, 200px\" \/><\/a><\/figure><\/div>\n\n\n\n<p><strong>Franziska B\u00fcnsow<\/strong><br><em>Fraktionsvorsitzende<\/em><br><br><br>Email: <a href=\"mailto:mario.bor@gmx.de\">Franziska<\/a><a href=\"mailto:Franziska.Buensow.Gruene@gmx.de\">.<\/a><a href=\"mailto:Franziska.Buensow.Gruene@gmx.de\" data-type=\"mailto\" data-id=\"mailto:Franziska.Buensow.Gruene@gmx.de\">Buensow<\/a><a href=\"mailto:mario.bor@gmx.de\">.Gruene@gmx.de<\/a><\/p>\n\n\n\n<div style=\"height:30px\" aria-hidden=\"true\" class=\"wp-block-spacer\"><\/div>\n\n\n\n<div class=\"wp-block-image\"><figure class=\"alignleft size-medium is-resized\"><a class=\"fancybox\" rel=\"gallery6\" href=\"http:\/\/gruene-lk-ks.de\/baunatal\/files\/2021\/05\/Ede.jpg\"><img loading=\"lazy\" src=\"http:\/\/gruene-lk-ks.de\/baunatal\/files\/2021\/05\/Ede-400x500.jpg\" alt=\"\" class=\"wp-image-2847\" width=\"200\" height=\"250\" srcset=\"http:\/\/gruene-lk-ks.de\/baunatal\/files\/2021\/05\/Ede-400x500.jpg 400w, http:\/\/gruene-lk-ks.de\/baunatal\/files\/2021\/05\/Ede-120x150.jpg 120w, http:\/\/gruene-lk-ks.de\/baunatal\/files\/2021\/05\/Ede.jpg 641w\" sizes=\"(max-width: 200px) 100vw, 200px\" \/><\/a><\/figure><\/div>\n\n\n\n<p><strong>Edmund Borschel <\/strong><br><em>stellv. Fraktionsvorsitzender<br><\/em>Haupt- und Finanzausschuss<\/p>\n\n\n\n<p><\/p>\n\n\n\n<p><br><br><br><\/p>\n\n\n\n<div style=\"height:30px\" aria-hidden=\"true\" class=\"wp-block-spacer\"><\/div>\n\n\n\n<div class=\"wp-block-image\"><figure class=\"alignleft size-large is-resized\"><a class=\"fancybox\" rel=\"gallery6\" href=\"http:\/\/gruene-lk-ks.de\/baunatal\/files\/2021\/05\/Damaris.jpg\"><img loading=\"lazy\" src=\"http:\/\/gruene-lk-ks.de\/baunatal\/files\/2021\/05\/Damaris-800x999.jpg\" alt=\"\" class=\"wp-image-2851\" width=\"192\" height=\"237\" \/><\/a><\/figure><\/div>\n\n\n\n<p><strong>Damaris M\u00fcller<\/strong><br><em>stellv. Fraktionsvorsitzende<br><\/em>Sozialausschuss<\/p>\n\n\n\n<p><\/p>\n\n\n\n<p>Email: <a href=\"mailto:damarismueller.gruene@gmx.de\">damarismueller.gruene@gmx.de<\/a><br><br><\/p>\n\n\n\n<div style=\"height:30px\" aria-hidden=\"true\" class=\"wp-block-spacer\"><\/div>\n\n\n\n<div class=\"wp-block-image\"><figure class=\"alignleft size-medium is-resized\"><a class=\"fancybox\" rel=\"gallery6\" href=\"http:\/\/gruene-lk-ks.de\/baunatal\/files\/2021\/05\/Bild-Lothar-03.04.2021-scaled.jpg\"><img loading=\"lazy\" src=\"http:\/\/gruene-lk-ks.de\/baunatal\/files\/2021\/05\/Bild-Lothar-03.04.2021-400x600.jpg\" alt=\"\" class=\"wp-image-2840\" width=\"200\" height=\"300\" srcset=\"http:\/\/gruene-lk-ks.de\/baunatal\/files\/2021\/05\/Bild-Lothar-03.04.2021-400x600.jpg 400w, http:\/\/gruene-lk-ks.de\/baunatal\/files\/2021\/05\/Bild-Lothar-03.04.2021-797x1200.jpg 797w, http:\/\/gruene-lk-ks.de\/baunatal\/files\/2021\/05\/Bild-Lothar-03.04.2021-768x1156.jpg 768w, http:\/\/gruene-lk-ks.de\/baunatal\/files\/2021\/05\/Bild-Lothar-03.04.2021-1020x1536.jpg 1020w, http:\/\/gruene-lk-ks.de\/baunatal\/files\/2021\/05\/Bild-Lothar-03.04.2021-1360x2048.jpg 1360w, http:\/\/gruene-lk-ks.de\/baunatal\/files\/2021\/05\/Bild-Lothar-03.04.2021-100x150.jpg 100w, http:\/\/gruene-lk-ks.de\/baunatal\/files\/2021\/05\/Bild-Lothar-03.04.2021-scaled.jpg 1700w\" sizes=\"(max-width: 200px) 100vw, 200px\" \/><\/a><\/figure><\/div>\n\n\n\n<p><strong>Lothar Rost<\/strong><br><em>stellv. Fraktionsvorsiztende<\/em>r<br>Bau- und Umweltausschuss<\/p>\n\n\n\n<p><br>Gl\u00fccksburger Stra\u00dfe 31A<br>34225 Baunatal &#8211; Gro\u00dfenritte<br>Tel.: 0172 \u2013 29 82 771<br>Email: <a href=\"mailto:robo-bauna@web.de\">robo-bauna@web.de<\/a><\/p>\n\n\n\n<div style=\"height:30px\" aria-hidden=\"true\" class=\"wp-block-spacer\"><\/div>\n\n\n\n<div class=\"wp-block-image\"><figure class=\"alignleft size-medium is-resized\"><a class=\"fancybox\" rel=\"gallery6\" href=\"http:\/\/gruene-lk-ks.de\/baunatal\/files\/2021\/05\/Jonas-Boehme.jpg\"><img loading=\"lazy\" src=\"http:\/\/gruene-lk-ks.de\/baunatal\/files\/2021\/05\/Jonas-Boehme-400x600.jpg\" alt=\"\" class=\"wp-image-2857\" width=\"200\" height=\"300\" srcset=\"http:\/\/gruene-lk-ks.de\/baunatal\/files\/2021\/05\/Jonas-Boehme-400x600.jpg 400w, http:\/\/gruene-lk-ks.de\/baunatal\/files\/2021\/05\/Jonas-Boehme-800x1200.jpg 800w, http:\/\/gruene-lk-ks.de\/baunatal\/files\/2021\/05\/Jonas-Boehme-768x1154.jpg 768w, http:\/\/gruene-lk-ks.de\/baunatal\/files\/2021\/05\/Jonas-Boehme-1022x1536.jpg 1022w, http:\/\/gruene-lk-ks.de\/baunatal\/files\/2021\/05\/Jonas-Boehme-100x150.jpg 100w, http:\/\/gruene-lk-ks.de\/baunatal\/files\/2021\/05\/Jonas-Boehme.jpg 1299w\" sizes=\"(max-width: 200px) 100vw, 200px\" \/><\/a><\/figure><\/div>\n\n\n\n<p><strong><strong>Jonas B\u00f6hme<\/strong><\/strong><br><em>Stadtverordneter<\/em><br>Vorsitzender des Ausschusses f\u00fcr Digitalisierung, Energie und Infrastruktur<br> <br>Hinter den Siegen 10<br>34225 Baunatal &#8211; Altenritte<br>Email: <a href=\"mailto:jonasboehmekluger@t-online.de\">jonasboehmekluger@t-online.de<\/a><br><\/p>\n\n\n\n<div style=\"height:30px\" aria-hidden=\"true\" class=\"wp-block-spacer\"><\/div>\n\n\n\n<div class=\"wp-block-image\"><figure class=\"alignleft size-medium is-resized\"><a class=\"fancybox\" rel=\"gallery6\" href=\"http:\/\/gruene-lk-ks.de\/baunatal\/files\/2021\/01\/Dzemila2-scaled.jpg\"><img loading=\"lazy\" src=\"http:\/\/gruene-lk-ks.de\/baunatal\/files\/2021\/01\/Dzemila2-400x500.jpg\" alt=\"\" class=\"wp-image-2611\" width=\"200\" height=\"250\" srcset=\"http:\/\/gruene-lk-ks.de\/baunatal\/files\/2021\/01\/Dzemila2-400x500.jpg 400w, http:\/\/gruene-lk-ks.de\/baunatal\/files\/2021\/01\/Dzemila2-800x1000.jpg 800w, http:\/\/gruene-lk-ks.de\/baunatal\/files\/2021\/01\/Dzemila2-768x960.jpg 768w, http:\/\/gruene-lk-ks.de\/baunatal\/files\/2021\/01\/Dzemila2-1229x1536.jpg 1229w, http:\/\/gruene-lk-ks.de\/baunatal\/files\/2021\/01\/Dzemila2-1639x2048.jpg 1639w, http:\/\/gruene-lk-ks.de\/baunatal\/files\/2021\/01\/Dzemila2-120x150.jpg 120w\" sizes=\"(max-width: 200px) 100vw, 200px\" \/><\/a><\/figure><\/div>\n\n\n\n<p><strong><strong>Dzemila Hukara<\/strong><\/strong><br><em>Stadtverordnete<\/em><br><\/p>\n\n\n\n<p> <\/p>\n\n\n\n<div style=\"height:30px\" aria-hidden=\"true\" class=\"wp-block-spacer\"><\/div>\n\n\n\n<div class=\"wp-block-image\"><figure class=\"alignleft size-medium is-resized\"><a class=\"fancybox\" rel=\"gallery6\" href=\"http:\/\/gruene-lk-ks.de\/baunatal\/files\/2021\/05\/Martina-Klein-scaled.jpg\"><img loading=\"lazy\" src=\"http:\/\/gruene-lk-ks.de\/baunatal\/files\/2021\/05\/Martina-Klein-398x600.jpg\" alt=\"\" class=\"wp-image-2853\" width=\"199\" height=\"300\" srcset=\"http:\/\/gruene-lk-ks.de\/baunatal\/files\/2021\/05\/Martina-Klein-398x600.jpg 398w, http:\/\/gruene-lk-ks.de\/baunatal\/files\/2021\/05\/Martina-Klein-796x1200.jpg 796w, http:\/\/gruene-lk-ks.de\/baunatal\/files\/2021\/05\/Martina-Klein-768x1158.jpg 768w, http:\/\/gruene-lk-ks.de\/baunatal\/files\/2021\/05\/Martina-Klein-1019x1536.jpg 1019w, http:\/\/gruene-lk-ks.de\/baunatal\/files\/2021\/05\/Martina-Klein-1358x2048.jpg 1358w, http:\/\/gruene-lk-ks.de\/baunatal\/files\/2021\/05\/Martina-Klein-99x150.jpg 99w, http:\/\/gruene-lk-ks.de\/baunatal\/files\/2021\/05\/Martina-Klein-scaled.jpg 1698w\" sizes=\"(max-width: 199px) 100vw, 199px\" \/><\/a><\/figure><\/div>\n\n\n\n<p><strong>Martina Klein<\/strong><br><em>Stadtverordnete<\/em><br>Bau- und Umweltausschuss<\/p>\n\n\n\n<p><\/p>\n\n\n\n<div style=\"height:30px\" aria-hidden=\"true\" class=\"wp-block-spacer\"><\/div>\n\n\n\n<div class=\"wp-block-image\"><figure class=\"alignleft size-medium is-resized\"><a class=\"fancybox\" rel=\"gallery6\" href=\"http:\/\/gruene-lk-ks.de\/baunatal\/files\/2023\/11\/Monika_Woizeschke-Bru\u0308ck-e1698856732863.jpg\"><img loading=\"lazy\" src=\"http:\/\/gruene-lk-ks.de\/baunatal\/files\/2023\/11\/Monika_Woizeschke-Bru\u0308ck-400x267.jpg\" alt=\"\" class=\"wp-image-3673\" width=\"200\" height=\"134\" \/><\/a><\/figure><\/div>\n\n\n\n<p><strong><strong>Monika Woizeschke-Br\u00fcck<\/strong><\/strong> <br><em>Stadtverordnete<br><\/em><\/p>\n\n\n\n<p><\/p>\n\n\n\n<div style=\"height:31px\" aria-hidden=\"true\" class=\"wp-block-spacer\"><\/div>\n\n\n\n<div class=\"wp-block-image\"><figure class=\"alignleft size-medium is-resized\"><a class=\"fancybox\" rel=\"gallery6\" href=\"http:\/\/gruene-lk-ks.de\/baunatal\/files\/2024\/11\/image0.jpeg\"><img loading=\"lazy\" src=\"http:\/\/gruene-lk-ks.de\/baunatal\/files\/2024\/11\/image0-400x400.jpeg\" alt=\"\" class=\"wp-image-3941\" width=\"200\" height=\"200\" srcset=\"http:\/\/gruene-lk-ks.de\/baunatal\/files\/2024\/11\/image0-400x400.jpeg 400w, http:\/\/gruene-lk-ks.de\/baunatal\/files\/2024\/11\/image0-150x150.jpeg 150w, http:\/\/gruene-lk-ks.de\/baunatal\/files\/2024\/11\/image0.jpeg 674w\" sizes=\"(max-width: 200px) 100vw, 200px\" \/><\/a><\/figure><\/div>\n\n\n\n<p class=\"has-text-align-left\"><strong>Sandra Altmann<\/strong><\/p>\n\n\n\n<p><em>Stadtverordnete<\/em><\/p>\n","protected":false},"excerpt":{"rendered":"<p>F\u00fcr Sie im Baunataler Magistrat: J\u00fcrgen B\u00f6hme (parteilos)Stadtrat Hinter den Siegen 1034225 Baunatal &#8211; AltenritteEmail: jboehme@gruene-baunatal.de Juliane KotheStadtr\u00e4tinAn der Wasserm\u00fchle34225 Baunatal &#8211; GuntershausenEmail: juliane.kothe@gmx.de F\u00fcr Sie in der Baunataler Stadtverordnetenversammlung:&#8230; <\/p>\n","protected":false},"author":4,"featured_media":0,"parent":0,"menu_order":2,"comment_status":"closed","ping_status":"closed","template":"","meta":{"ngg_post_thumbnail":0},"_links":{"self":[{"href":"http:\/\/gruene-lk-ks.de\/baunatal\/wp-json\/wp\/v2\/pages\/6"}],"collection":[{"href":"http:\/\/gruene-lk-ks.de\/baunatal\/wp-json\/wp\/v2\/pages"}],"about":[{"href":"http:\/\/gruene-lk-ks.de\/baunatal\/wp-json\/wp\/v2\/types\/page"}],"author":[{"embeddable":true,"href":"http:\/\/gruene-lk-ks.de\/baunatal\/wp-json\/wp\/v2\/users\/4"}],"replies":[{"embeddable":true,"href":"http:\/\/gruene-lk-ks.de\/baunatal\/wp-json\/wp\/v2\/comments?post=6"}],"version-history":[{"count":159,"href":"http:\/\/gruene-lk-ks.de\/baunatal\/wp-json\/wp\/v2\/pages\/6\/revisions"}],"predecessor-version":[{"id":3955,"href":"http:\/\/gruene-lk-ks.de\/baunatal\/wp-json\/wp\/v2\/pages\/6\/revisions\/3955"}],"wp:attachment":[{"href":"http:\/\/gruene-lk-ks.de\/baunatal\/wp-json\/wp\/v2\/media?parent=6"}],"curies":[{"name":"wp","href":"https:\/\/api.w.org\/{rel}","templated":true}]}}