{"id":314,"date":"2021-03-09T18:10:30","date_gmt":"2021-03-09T17:10:30","guid":{"rendered":"http:\/\/gruene-lk-ks.de\/niestetal\/?page_id=314"},"modified":"2023-04-02T14:20:58","modified_gmt":"2023-04-02T12:20:58","slug":"antraege","status":"publish","type":"page","link":"http:\/\/gruene-lk-ks.de\/niestetal\/antraege\/","title":{"rendered":"Antr\u00e4ge"},"content":{"rendered":"\n<p>Hier ver\u00f6ffentlichen wir Antr\u00e4ge, die wir als Gr\u00fcnen-Fraktion in der Niestetaler Gemeindevertretung gestellt haben.<\/p>\n\n\n\n<p>Das sind v.a. Antr\u00e4ge, die nur wir als Fraktion gestellt haben.<\/p>\n\n\n\n<p>Daneben gibt es auch Antr\u00e4ge, die wir gemeinsam mit allen oder einzelnen anderen Fraktionen gestellt haben.<\/p>\n\n\n\n<p>Im Rahmen demokratischer und fairer Diskussionen kommt es selbstverst\u00e4ndlich immer wieder vor, dass wir die anderen Fraktionen von unseren Argumenten nicht \u00fcberzeugen k\u00f6nnen und deshalb manche unserer Antr\u00e4ge von der Mehrheit der Gemeindevertreter*innen abgelehnt werden.<\/p>\n","protected":false},"excerpt":{"rendered":"<p>Hier ver\u00f6ffentlichen wir Antr\u00e4ge, die wir als Gr\u00fcnen-Fraktion in der Niestetaler Gemeindevertretung gestellt haben. Das sind v.a. Antr\u00e4ge, die nur wir als Fraktion gestellt haben. Daneben gibt es auch Antr\u00e4ge,&#8230; <\/p>\n","protected":false},"author":19,"featured_media":0,"parent":0,"menu_order":0,"comment_status":"closed","ping_status":"closed","template":"","meta":{"ngg_post_thumbnail":0},"_links":{"self":[{"href":"http:\/\/gruene-lk-ks.de\/niestetal\/wp-json\/wp\/v2\/pages\/314"}],"collection":[{"href":"http:\/\/gruene-lk-ks.de\/niestetal\/wp-json\/wp\/v2\/pages"}],"about":[{"href":"http:\/\/gruene-lk-ks.de\/niestetal\/wp-json\/wp\/v2\/types\/page"}],"author":[{"embeddable":true,"href":"http:\/\/gruene-lk-ks.de\/niestetal\/wp-json\/wp\/v2\/users\/19"}],"replies":[{"embeddable":true,"href":"http:\/\/gruene-lk-ks.de\/niestetal\/wp-json\/wp\/v2\/comments?post=314"}],"version-history":[{"count":3,"href":"http:\/\/gruene-lk-ks.de\/niestetal\/wp-json\/wp\/v2\/pages\/314\/revisions"}],"predecessor-version":[{"id":551,"href":"http:\/\/gruene-lk-ks.de\/niestetal\/wp-json\/wp\/v2\/pages\/314\/revisions\/551"}],"wp:attachment":[{"href":"http:\/\/gruene-lk-ks.de\/niestetal\/wp-json\/wp\/v2\/media?parent=314"}],"curies":[{"name":"wp","href":"https:\/\/api.w.org\/{rel}","templated":true}]}}